{"id":69,"date":"2020-01-27T08:05:29","date_gmt":"2020-01-27T08:05:29","guid":{"rendered":"https:\/\/demosites.io\/web-agency-gb\/?page_id=69"},"modified":"2026-04-23T12:44:58","modified_gmt":"2026-04-23T10:44:58","slug":"15c42-web-agency-gb-portfolio","status":"publish","type":"page","link":"https:\/\/www.boramex.pl\/?page_id=69","title":{"rendered":"Asortyment naturalny"},"content":{"rendered":"\n<div class=\"wp-block-cover alignfull\" style=\"min-height:100px;aspect-ratio:unset;\"><span aria-hidden=\"true\" class=\"wp-block-cover__background has-nv-site-bg-background-color has-background-dim-100 has-background-dim\"><\/span><div class=\"wp-block-cover__inner-container is-layout-flow wp-block-cover-is-layout-flow\">\n<div class=\"wp-block-group\"><div class=\"wp-block-group__inner-container is-layout-flow wp-block-group-is-layout-flow\">\n<h1 class=\"wp-block-heading has-text-align-left has-neve-text-color-color has-text-color\">Asortyment naturalny<\/h1>\n<\/div><\/div>\n<\/div><\/div>\n\n\n\n<div class=\"wp-block-cover alignfull\" style=\"min-height:600px;aspect-ratio:unset;\"><span aria-hidden=\"true\" class=\"wp-block-cover__background has-nv-light-bg-background-color has-background-dim-100 has-background-dim\"><\/span><div class=\"wp-block-cover__inner-container is-layout-flow wp-block-cover-is-layout-flow\">\n<div class=\"wp-block-group\"><div class=\"wp-block-group__inner-container is-layout-flow wp-block-group-is-layout-flow\">\n<div class=\"wp-block-media-text alignwide is-stacked-on-mobile\" style=\"grid-template-columns:24% auto\"><figure class=\"wp-block-media-text__media\"><img loading=\"lazy\" decoding=\"async\" width=\"731\" height=\"1024\" src=\"http:\/\/www.boramex.pl\/wp-content\/uploads\/2022\/10\/Boramex-Plecionka-kukurydziana_PACKSHOT-731x1024.jpg\" alt=\"\" class=\"wp-image-608 size-thumbnail\" srcset=\"https:\/\/www.boramex.pl\/wp-content\/uploads\/2022\/10\/Boramex-Plecionka-kukurydziana_PACKSHOT-731x1024.jpg 731w, https:\/\/www.boramex.pl\/wp-content\/uploads\/2022\/10\/Boramex-Plecionka-kukurydziana_PACKSHOT-214x300.jpg 214w, https:\/\/www.boramex.pl\/wp-content\/uploads\/2022\/10\/Boramex-Plecionka-kukurydziana_PACKSHOT-768x1075.jpg 768w, https:\/\/www.boramex.pl\/wp-content\/uploads\/2022\/10\/Boramex-Plecionka-kukurydziana_PACKSHOT-1097x1536.jpg 1097w, https:\/\/www.boramex.pl\/wp-content\/uploads\/2022\/10\/Boramex-Plecionka-kukurydziana_PACKSHOT-1463x2048.jpg 1463w, https:\/\/www.boramex.pl\/wp-content\/uploads\/2022\/10\/Boramex-Plecionka-kukurydziana_PACKSHOT-scaled.jpg 1829w\" sizes=\"(max-width: 731px) 100vw, 731px\" \/><\/figure><div class=\"wp-block-media-text__content\">\n<p class=\"has-nv-dark-bg-color has-text-color\">Plecionka 70 g Naturalna \u2013 G\u0142\u00f3wny produkt Naszej Firmy.<\/p>\n\n\n\n<p class=\"has-nv-dark-bg-color has-text-color\">Poni\u017cej r\u00f3\u017cne warianty opakowa\u0144 zbiorczych \u2013 pod zam\u00f3wienie.<br>Opakowanie zbiorcze folia 12 szt \/ Display Green 12 szt \/ Karton 36 szt,<br>Euro Paleta: 91 work\u00f3w foliowych \/ 64 display \/ 28 Karton\u00f3w \/<br>Sk\u0142adniki: grys kukurydziany 100%,<br>Termin przydatno\u015bci do spo\u017cycia: 12 miesi\u0119cy.<\/p>\n\n\n\n<p class=\"has-nv-dark-bg-color has-text-color\">INFORMACJA: produkt nale\u017cy do grupy \u015brodk\u00f3w spo\u017cywczych przeznaczonych do sprzeda\u017cy dzieciom i m\u0142odzie\u017cy w jednostkach systemu o\u015bwiaty okre\u015blonych w za\u0142\u0105czniku nr 1 do Rozporz\u0105dzenia Ministra Zdrowia z dnia 26 sierpnia 2015 r. w sprawie grup \u015brodk\u00f3w spo\u017cywczych przeznaczonych do sprzeda\u017cy dzieciom i m\u0142odzie\u017cy w jednostkach systemu o\u015bwiaty oraz wymaga\u0144, jakie musz\u0105 spe\u0142nia\u0107 \u015brodki spo\u017cywcze stosowane w ramach \u017cywienia zbiorowego dzieci i m\u0142odzie\u017cy w tych jednostkach (Dz.U. 2015 poz. 1256)<\/p>\n<\/div><\/div>\n<\/div><\/div>\n<\/div><\/div>\n\n\n<div class=\"wp-block-image\">\n<figure class=\"aligncenter size-large\"><img loading=\"lazy\" decoding=\"async\" width=\"1024\" height=\"703\" src=\"https:\/\/www.boramex.pl\/wp-content\/uploads\/2026\/04\/PLECIONKA--1024x703.jpeg\" alt=\"\" class=\"wp-image-992\" srcset=\"https:\/\/www.boramex.pl\/wp-content\/uploads\/2026\/04\/PLECIONKA--1024x703.jpeg 1024w, https:\/\/www.boramex.pl\/wp-content\/uploads\/2026\/04\/PLECIONKA--300x206.jpeg 300w, https:\/\/www.boramex.pl\/wp-content\/uploads\/2026\/04\/PLECIONKA--768x527.jpeg 768w, https:\/\/www.boramex.pl\/wp-content\/uploads\/2026\/04\/PLECIONKA-.jpeg 1523w\" sizes=\"(max-width: 1024px) 100vw, 1024px\" \/><\/figure><\/div>\n\n\n<div class=\"wp-block-cover\" style=\"min-height:625px;aspect-ratio:unset;\"><span aria-hidden=\"true\" class=\"wp-block-cover__background has-nv-site-bg-background-color has-background-dim-100 has-background-dim\"><\/span><div class=\"wp-block-cover__inner-container is-layout-flow wp-block-cover-is-layout-flow\">\n<div class=\"wp-block-media-text alignwide has-media-on-the-right is-stacked-on-mobile\" style=\"grid-template-columns:auto 37%\"><div class=\"wp-block-media-text__content\">\n<p class=\"has-nv-dark-bg-color has-text-color\">Plecionka 70 g Naturalna \u2013 G\u0142\u00f3wny produkt Naszej Firmy.<\/p>\n\n\n\n<p class=\"has-nv-dark-bg-color has-text-color\">Poni\u017cej r\u00f3\u017cne warianty opakowa\u0144 zbiorczych \u2013 pod zam\u00f3wienie.<br>Opakowanie zbiorcze Karton 36 szt<br>Euro Paleta: 28 Karton\u00f3w \/<br>Sk\u0142adniki: grys kukurydziany 100%,<br>Termin przydatno\u015bci do spo\u017cycia: 12 miesi\u0119cy.<\/p>\n\n\n\n<p class=\"has-nv-dark-bg-color has-text-color\">INFORMACJA: produkt nale\u017cy do grupy \u015brodk\u00f3w spo\u017cywczych przeznaczonych <br>do sprzeda\u017cy dzieciom i m\u0142odzie\u017cy w jednostkach systemu o\u015bwiaty okre\u015blonych<br>w za\u0142\u0105czniku nr 1 do Rozporz\u0105dzenia Ministra Zdrowia z dnia 26 sierpnia 2015 r. <br>w sprawie grup \u015brodk\u00f3w spo\u017cywczych przeznaczonych do sprzeda\u017cy dzieciom <br>i m\u0142odzie\u017cy w jednostkach systemu o\u015bwiaty oraz wymaga\u0144, jakie musz\u0105 spe\u0142nia\u0107 <br>\u015brodki spo\u017cywcze stosowane w ramach \u017cywienia zbiorowego dzieci i m\u0142odzie\u017cy <br>w tych jednostkach (Dz.U. 2015 poz. 1256)<\/p>\n\n\n\n<p class=\"has-nv-dark-bg-color has-text-color\">Na indywidualne zam\u00f3wienie sieci handlowej<br>produkujemy r\u00f3wnie\u017c taki zestaw produktu<\/p>\n<\/div><figure class=\"wp-block-media-text__media\"><img loading=\"lazy\" decoding=\"async\" width=\"1024\" height=\"713\" src=\"http:\/\/www.boramex.pl\/wp-content\/uploads\/2022\/10\/Plecionka-70-g-karton-36szt.jpg\" alt=\"\" class=\"wp-image-611 size-full\" srcset=\"https:\/\/www.boramex.pl\/wp-content\/uploads\/2022\/10\/Plecionka-70-g-karton-36szt.jpg 1024w, https:\/\/www.boramex.pl\/wp-content\/uploads\/2022\/10\/Plecionka-70-g-karton-36szt-300x209.jpg 300w, https:\/\/www.boramex.pl\/wp-content\/uploads\/2022\/10\/Plecionka-70-g-karton-36szt-768x535.jpg 768w\" sizes=\"(max-width: 1024px) 100vw, 1024px\" \/><\/figure><\/div>\n\n\n\n<p class=\"has-text-align-center has-large-font-size\"><\/p>\n<\/div><\/div>\n\n\n\n<div class=\"wp-block-cover alignfull\" style=\"min-height:600px;aspect-ratio:unset;\"><span aria-hidden=\"true\" class=\"wp-block-cover__background has-nv-light-bg-background-color has-background-dim-100 has-background-dim\"><\/span><div class=\"wp-block-cover__inner-container is-layout-flow wp-block-cover-is-layout-flow\">\n<div class=\"wp-block-group\"><div class=\"wp-block-group__inner-container is-layout-flow wp-block-group-is-layout-flow\">\n<div class=\"wp-block-media-text alignwide is-stacked-on-mobile\" style=\"grid-template-columns:34% auto\"><figure class=\"wp-block-media-text__media\"><img loading=\"lazy\" decoding=\"async\" width=\"1024\" height=\"884\" src=\"http:\/\/www.boramex.pl\/wp-content\/uploads\/2022\/10\/Boramex-Rurki-50g-1024x884.jpg\" alt=\"\" class=\"wp-image-595 size-thumbnail\" srcset=\"https:\/\/www.boramex.pl\/wp-content\/uploads\/2022\/10\/Boramex-Rurki-50g-1024x884.jpg 1024w, https:\/\/www.boramex.pl\/wp-content\/uploads\/2022\/10\/Boramex-Rurki-50g-300x259.jpg 300w, https:\/\/www.boramex.pl\/wp-content\/uploads\/2022\/10\/Boramex-Rurki-50g-768x663.jpg 768w, https:\/\/www.boramex.pl\/wp-content\/uploads\/2022\/10\/Boramex-Rurki-50g.jpg 1400w\" sizes=\"(max-width: 1024px) 100vw, 1024px\" \/><\/figure><div class=\"wp-block-media-text__content\">\n<p class=\"has-nv-dark-bg-color has-text-color\">Chrupki Rureczki 50 g      <\/p>\n\n\n\n<p class=\"has-nv-dark-bg-color has-text-color\">Produkt Niedost\u0119pny.<\/p>\n\n\n\n<p class=\"has-nv-dark-bg-color has-text-color\"><br>Opakowanie zbiorcze folia 20 szt \/ karton 45 szt,<br>Sk\u0142adniki: grys kukurydziany 100%<br>Termin przydatno\u015bci do spo\u017cycia: 12 miesi\u0119cy.<\/p>\n\n\n\n<p class=\"has-nv-dark-bg-color has-text-color\">INFORMACJA: produkt nale\u017cy do grupy \u015brodk\u00f3w spo\u017cywczych przeznaczonych do sprzeda\u017cy dzieciom i m\u0142odzie\u017cy w jednostkach systemu o\u015bwiaty okre\u015blonych w za\u0142\u0105czniku nr 1 do Rozporz\u0105dzenia Ministra<br>Zdrowia z dnia 26 sierpnia 2015 r. w sprawie grup \u015brodk\u00f3w spo\u017cywczych przeznaczonych do sprzeda\u017cy dzieciom i m\u0142odzie\u017cy w jednostkach systemu o\u015bwiaty oraz wymaga\u0144, jakie musz\u0105 spe\u0142nia\u0107 \u015brodki spo\u017cywcze stosowane w ramach \u017cywienia zbiorowego dzieci i m\u0142odzie\u017cy w tych jednostkach<br>(Dz.U. 2015 poz. 1256)<\/p>\n<\/div><\/div>\n<\/div><\/div>\n<\/div><\/div>\n\n\n\n<div class=\"wp-block-cover\" style=\"min-height:462px;aspect-ratio:unset;\"><span aria-hidden=\"true\" class=\"wp-block-cover__background has-nv-site-bg-background-color has-background-dim-100 has-background-dim\"><\/span><div class=\"wp-block-cover__inner-container is-layout-flow wp-block-cover-is-layout-flow\">\n<div class=\"wp-block-media-text alignwide has-media-on-the-right is-stacked-on-mobile\" style=\"grid-template-columns:auto 27%\"><div class=\"wp-block-media-text__content\">\n<p class=\"has-nv-dark-bg-color has-text-color\">Chrupki Tradycyjne 200 g \u2013 Du\u017ca Paczka<\/p>\n\n\n\n<p class=\"has-nv-dark-bg-color has-text-color\"><br>Nowe Opakowanie Luty 2016<br>Opakowanie zbiorcze folia 12 szt<br>Euro Paleta: 14 work\u00f3w<br>Sk\u0142adniki: grys kukurydziany 100%<br>Termin przydatno\u015bci do spo\u017cycia: 12 miesi\u0119c<\/p>\n\n\n\n<p class=\"has-nv-dark-bg-color has-text-color\">INFORMACJA: produkt nale\u017cy do grupy \u015brodk\u00f3w spo\u017cywczych przeznaczonych do<br>sprzeda\u017cy dzieciom i m\u0142odzie\u017cy w jednostkach systemu o\u015bwiaty okre\u015blonych w<br>za\u0142\u0105czniku nr 1 do Rozporz\u0105dzenia Ministra Zdrowia z dnia 26 sierpnia 2015 r.<br>w sprawie grup \u015brodk\u00f3w spo\u017cywczych przeznaczonych do sprzeda\u017cy dzieciom i m\u0142odzie\u017cy <br>w jednostkach systemu o\u015bwiaty oraz wymaga\u0144, jakie musz\u0105 spe\u0142nia\u0107 \u015brodki spo\u017cywcze stosowane <br>w ramach \u017cywienia zbiorowego dzieci i m\u0142odzie\u017cy w tych jednostkach (Dz.U. 2015 poz. 1256)<\/p>\n<\/div><figure class=\"wp-block-media-text__media\"><img loading=\"lazy\" decoding=\"async\" width=\"416\" height=\"550\" src=\"http:\/\/www.boramex.pl\/wp-content\/uploads\/2022\/09\/uszy_200g_front.jpg\" alt=\"\" class=\"wp-image-506 size-full\" srcset=\"https:\/\/www.boramex.pl\/wp-content\/uploads\/2022\/09\/uszy_200g_front.jpg 416w, https:\/\/www.boramex.pl\/wp-content\/uploads\/2022\/09\/uszy_200g_front-227x300.jpg 227w\" sizes=\"(max-width: 416px) 100vw, 416px\" \/><\/figure><\/div>\n<\/div><\/div>\n\n\n\n<div class=\"wp-block-cover alignfull\" style=\"min-height:600px;aspect-ratio:unset;\"><span aria-hidden=\"true\" class=\"wp-block-cover__background has-nv-light-bg-background-color has-background-dim-100 has-background-dim\"><\/span><div class=\"wp-block-cover__inner-container is-layout-flow wp-block-cover-is-layout-flow\">\n<div class=\"wp-block-group\"><div class=\"wp-block-group__inner-container is-layout-flow wp-block-group-is-layout-flow\">\n<div class=\"wp-block-media-text alignwide is-stacked-on-mobile\" style=\"grid-template-columns:29% auto\"><figure class=\"wp-block-media-text__media\"><img loading=\"lazy\" decoding=\"async\" width=\"404\" height=\"550\" src=\"http:\/\/www.boramex.pl\/wp-content\/uploads\/2022\/10\/Tradycyjne-80g-front.png\" alt=\"\" class=\"wp-image-601 size-thumbnail\" srcset=\"https:\/\/www.boramex.pl\/wp-content\/uploads\/2022\/10\/Tradycyjne-80g-front.png 404w, https:\/\/www.boramex.pl\/wp-content\/uploads\/2022\/10\/Tradycyjne-80g-front-220x300.png 220w\" sizes=\"(max-width: 404px) 100vw, 404px\" \/><\/figure><div class=\"wp-block-media-text__content\">\n<p class=\"has-nv-dark-bg-color has-text-color\">Chrupki Tradycyjne 80 g<\/p>\n\n\n\n<p class=\"has-nv-dark-bg-color has-text-color\"><br>Opakowanie zbiorcze folia 20 szt<br>Euro Paleta: 18 work\u00f3w,<br>Sk\u0142adniki: grys kukurydziany 100%<br>Termin przydatno\u015bci do spo\u017cycia: 12 miesi\u0119cy.<br>Nowe opakowanie stycze\u0144 2016<\/p>\n\n\n\n<p class=\"has-nv-dark-bg-color has-text-color\">INFORMACJA: produkt nale\u017cy do grupy \u015brodk\u00f3w spo\u017cywczych przeznaczonych do sprzeda\u017cy<br>dzieciom i m\u0142odzie\u017cy w jednostkach systemu o\u015bwiaty okre\u015blonych w za\u0142\u0105czniku nr 1 do<br>Rozporz\u0105dzenia Ministra Zdrowia z dnia 26 sierpnia 2015 r. w sprawie grup \u015brodk\u00f3w spo\u017cywczych<br>przeznaczonych do sprzeda\u017cy dzieciom i m\u0142odzie\u017cy w jednostkach systemu o\u015bwiaty oraz wymaga\u0144,<br>jakie musz\u0105 spe\u0142nia\u0107 \u015brodki spo\u017cywcze stosowane w ramach \u017cywienia zbiorowego dzieci i<br>m\u0142odzie\u017cy w tych jednostkach (Dz.U. 2015 poz. 1256)<\/p>\n<\/div><\/div>\n<\/div><\/div>\n<\/div><\/div>\n\n\n\n<div class=\"wp-block-cover\" style=\"min-height:462px;aspect-ratio:unset;\"><span aria-hidden=\"true\" class=\"wp-block-cover__background has-nv-site-bg-background-color has-background-dim-100 has-background-dim\"><\/span><div class=\"wp-block-cover__inner-container is-layout-flow wp-block-cover-is-layout-flow\">\n<div class=\"wp-block-media-text alignwide has-media-on-the-right is-stacked-on-mobile\" style=\"grid-template-columns:auto 24%\"><div class=\"wp-block-media-text__content\">\n<p class=\"has-nv-dark-bg-color has-text-color\">Plecionka mini pack 25 g<\/p>\n\n\n\n<p class=\"has-nv-dark-bg-color has-text-color\"><br>Sk\u0142adniki: grys kukurydziany 100%<br>Produkt dostosowany do automat\u00f3w vendingowych.<br>Nowe opakowanie od listopada 2015 w sprzeda\u017cy.<\/p>\n\n\n\n<p class=\"has-nv-dark-bg-color has-text-color\">Towar na zam\u00f3wienie. Niski stan magazynowy<\/p>\n\n\n\n<p class=\"has-nv-dark-bg-color has-text-color\">Wymiar: karton 59cm x 39cm x 25cm 25 sztuk w Kartonie<\/p>\n\n\n\n<p class=\"has-nv-dark-bg-color has-text-color\">INFORMACJA: produkt nale\u017cy do grupy \u015brodk\u00f3w spo\u017cywczych przeznaczonych do sprzeda\u017cy dzieciom i m\u0142odzie\u017cy w jednostkach systemu o\u015bwiaty okre\u015blonych w za\u0142\u0105czniku nr 1 do Rozporz\u0105dzenia Ministra<br>Zdrowia z dnia 26 sierpnia 2015 r. w sprawie grup \u015brodk\u00f3w spo\u017cywczych przeznaczonych do sprzeda\u017cy<br>dzieciom i m\u0142odzie\u017cy w jednostkach systemu o\u015bwiaty oraz wymaga\u0144, jakie musz\u0105 spe\u0142nia\u0107 \u015brodki<br>spo\u017cywcze stosowane w ramach \u017cywienia zbiorowego dzieci i m\u0142odzie\u017cy w tych jednostkach<br>(Dz.U. 2015 poz. 1256)<\/p>\n<\/div><figure class=\"wp-block-media-text__media\"><img loading=\"lazy\" decoding=\"async\" width=\"214\" height=\"291\" src=\"http:\/\/www.boramex.pl\/wp-content\/uploads\/2022\/09\/plecionka.jpg\" alt=\"\" class=\"wp-image-494 size-full\"\/><\/figure><\/div>\n<\/div><\/div>\n\n\n\n<div class=\"wp-block-cover alignfull\" style=\"min-height:600px;aspect-ratio:unset;\"><span aria-hidden=\"true\" class=\"wp-block-cover__background has-nv-light-bg-background-color has-background-dim-100 has-background-dim\"><\/span><div class=\"wp-block-cover__inner-container is-layout-flow wp-block-cover-is-layout-flow\">\n<div class=\"wp-block-group\"><div class=\"wp-block-group__inner-container is-layout-flow wp-block-group-is-layout-flow\">\n<div class=\"wp-block-media-text alignwide is-stacked-on-mobile\" style=\"grid-template-columns:29% auto\"><figure class=\"wp-block-media-text__media\"><img loading=\"lazy\" decoding=\"async\" width=\"889\" height=\"1024\" src=\"http:\/\/www.boramex.pl\/wp-content\/uploads\/2022\/10\/kulka-mala-889x1024.jpg\" alt=\"\" class=\"wp-image-598 size-thumbnail\" srcset=\"https:\/\/www.boramex.pl\/wp-content\/uploads\/2022\/10\/kulka-mala-889x1024.jpg 889w, https:\/\/www.boramex.pl\/wp-content\/uploads\/2022\/10\/kulka-mala-260x300.jpg 260w, https:\/\/www.boramex.pl\/wp-content\/uploads\/2022\/10\/kulka-mala-768x885.jpg 768w, https:\/\/www.boramex.pl\/wp-content\/uploads\/2022\/10\/kulka-mala.jpg 929w\" sizes=\"(max-width: 889px) 100vw, 889px\" \/><\/figure><div class=\"wp-block-media-text__content\">\n<p class=\"has-nv-dark-bg-color has-text-color\">KuKu Kulki 40 g Naturalne<\/p>\n\n\n\n<p class=\"has-nv-dark-bg-color has-text-color\"><br>Sk\u0142adniki: grys kukurydziany 100%<br>Doskona\u0142a alternatywa do przek\u0105sek ziemniaczanych.<br>Opakowanie zbiorcze folia 12 szt \/ karton 35 szt<br>Termin przydatno\u015bci do spo\u017cycia: 12 miesi\u0119cy.<br>Nowe opakowanie z logiem Wroc\u0142aw Maraton Team. \u2013 2015<\/p>\n\n\n\n<p class=\"has-nv-dark-bg-color has-text-color\">INFORMACJA: produkt nale\u017cy do grupy \u015brodk\u00f3w spo\u017cywczych przeznaczonych do sprzeda\u017cy dzieciom i m\u0142odzie\u017cy w jednostkach systemu o\u015bwiaty okre\u015blonych w za\u0142\u0105czniku nr 1 do<br>Rozporz\u0105dzenia Ministra Zdrowia z dnia 26 sierpnia 2015 r. w sprawie grup \u015brodk\u00f3w spo\u017cywczych przeznaczonych do sprzeda\u017cy dzieciom i m\u0142odzie\u017cy w jednostkach systemu o\u015bwiaty oraz wymaga\u0144, jakie musz\u0105 spe\u0142nia\u0107 \u015brodki spo\u017cywcze stosowane w ramach \u017cywienia zbiorowego dzieci i m\u0142odzie\u017cy w tych jednostkach (Dz.U. 2015 poz. 1256)<\/p>\n<\/div><\/div>\n<\/div><\/div>\n<\/div><\/div>\n\n\n\n<div class=\"wp-block-cover\" style=\"min-height:462px;aspect-ratio:unset;\"><span aria-hidden=\"true\" class=\"wp-block-cover__background has-nv-site-bg-background-color has-background-dim-100 has-background-dim\"><\/span><div class=\"wp-block-cover__inner-container is-layout-flow wp-block-cover-is-layout-flow\">\n<div class=\"wp-block-media-text alignwide has-media-on-the-right is-stacked-on-mobile\" style=\"grid-template-columns:auto 29%\"><div class=\"wp-block-media-text__content\">\n<p class=\"has-nv-dark-bg-color has-text-color\">KuKu Kulki 40 g Naturalne<\/p>\n\n\n\n<p class=\"has-nv-dark-bg-color has-text-color\"><br>Sk\u0142adniki: grys kukurydziany 100%<br>Doskona\u0142a alternatywa do przek\u0105sek ziemniaczanych.<br>Opakowanie zbiorcze karton 32 szt<br>Termin przydatno\u015bci do spo\u017cycia: 12 miesi\u0119cy.<\/p>\n\n\n\n<p class=\"has-nv-dark-bg-color has-text-color\">INFORMACJA: produkt nale\u017cy do grupy \u015brodk\u00f3w spo\u017cywczych przeznaczonych do sprzeda\u017cy <br>dzieciom i m\u0142odzie\u017cy w jednostkach systemu o\u015bwiaty okre\u015blonych w za\u0142\u0105czniku nr 1 do<br>Rozporz\u0105dzenia Ministra Zdrowia z dnia 26 sierpnia 2015 r. w sprawie grup \u015brodk\u00f3w <br>spo\u017cywczych przeznaczonych do sprzeda\u017cy dzieciom i m\u0142odzie\u017cy w jednostkach systemu <br>o\u015bwiaty oraz wymaga\u0144, jakie musz\u0105 spe\u0142nia\u0107 \u015brodki spo\u017cywcze stosowane w ramach <br>\u017cywienia zbiorowego dzieci i m\u0142odzie\u017cy w tych jednostkach (Dz.U. 2015 poz. 1256)<\/p>\n<\/div><figure class=\"wp-block-media-text__media\"><img loading=\"lazy\" decoding=\"async\" width=\"959\" height=\"572\" src=\"http:\/\/www.boramex.pl\/wp-content\/uploads\/2022\/10\/kulki-40-32szt-pcs.jpg\" alt=\"\" class=\"wp-image-599 size-full\" srcset=\"https:\/\/www.boramex.pl\/wp-content\/uploads\/2022\/10\/kulki-40-32szt-pcs.jpg 959w, https:\/\/www.boramex.pl\/wp-content\/uploads\/2022\/10\/kulki-40-32szt-pcs-300x179.jpg 300w, https:\/\/www.boramex.pl\/wp-content\/uploads\/2022\/10\/kulki-40-32szt-pcs-768x458.jpg 768w\" sizes=\"(max-width: 959px) 100vw, 959px\" \/><\/figure><\/div>\n<\/div><\/div>\n\n\n\n<div class=\"wp-block-cover alignfull\" style=\"min-height:600px;aspect-ratio:unset;\"><span aria-hidden=\"true\" class=\"wp-block-cover__background has-nv-light-bg-background-color has-background-dim-100 has-background-dim\"><\/span><div class=\"wp-block-cover__inner-container is-layout-flow wp-block-cover-is-layout-flow\">\n<div class=\"wp-block-group\"><div class=\"wp-block-group__inner-container is-layout-flow wp-block-group-is-layout-flow\">\n<div class=\"wp-block-media-text alignwide is-stacked-on-mobile\" style=\"grid-template-columns:33% auto\"><figure class=\"wp-block-media-text__media\"><img loading=\"lazy\" decoding=\"async\" width=\"960\" height=\"1024\" src=\"http:\/\/www.boramex.pl\/wp-content\/uploads\/2022\/09\/Baton-ChrupTAK-8g-Wizualizacja-960x1024.jpg\" alt=\"\" class=\"wp-image-491 size-thumbnail\" srcset=\"https:\/\/www.boramex.pl\/wp-content\/uploads\/2022\/09\/Baton-ChrupTAK-8g-Wizualizacja-960x1024.jpg 960w, https:\/\/www.boramex.pl\/wp-content\/uploads\/2022\/09\/Baton-ChrupTAK-8g-Wizualizacja-281x300.jpg 281w, https:\/\/www.boramex.pl\/wp-content\/uploads\/2022\/09\/Baton-ChrupTAK-8g-Wizualizacja-768x819.jpg 768w, https:\/\/www.boramex.pl\/wp-content\/uploads\/2022\/09\/Baton-ChrupTAK-8g-Wizualizacja.jpg 1000w\" sizes=\"(max-width: 960px) 100vw, 960px\" \/><\/figure><div class=\"wp-block-media-text__content\">\n<p><\/p>\n\n\n\n<p>\u201eChrup TAK\u201d 8g<\/p>\n\n\n\n<p class=\"has-nv-dark-bg-color has-text-color\">Zapraszamy do zapoznania si\u0119 z najnowsz\u0105 ods\u0142on\u0105 naszego produktu.<br>Jest to Chrupek kukurydziany Pleciony o smaku naturalnym.<br>Nazwa produktu to \u201eChrupTAK\u201d 8g \u2013 Sk\u0142adniki: grys kukurydziany 100%<br>Jest to doskona\u0142a zdrowa przek\u0105ska dla dzieci i doros\u0142ych.<br>Produkt jest pakowany w display po 90 szt \/ karton 280 szt oraz worku<br>foliowym luzem wed\u0142ug zam\u00f3wienia..<br>Towar na zam\u00f3wienie. Niski stan magazynowy<\/p>\n\n\n\n<p class=\"has-nv-dark-bg-color has-text-color\">Wymiar: displey 40cm x 30cm x 20cm, 60 sztuk w Kartonie<br>karton 59cm x 39cm x 25cm 250 sztuk w Kartonie<\/p>\n\n\n\n<p class=\"has-nv-dark-bg-color has-text-color\">INFORMACJA: produkt nale\u017cy do grupy \u015brodk\u00f3w spo\u017cywczych przeznaczonych<br>do sprzeda\u017cy dzieciom i m\u0142odzie\u017cy w jednostkach systemu o\u015bwiaty okre\u015blonych w<br>za\u0142\u0105czniku nr 1 do Rozporz\u0105dzenia Ministra Zdrowia z dnia 26 sierpnia 2015 r.<br>w sprawie grup \u015brodk\u00f3w spo\u017cywczych przeznaczonych do sprzeda\u017cy dzieciom i m\u0142odzie\u017cy<br>w jednostkach systemu o\u015bwiaty oraz wymaga\u0144, jakie musz\u0105 spe\u0142nia\u0107 \u015brodki spo\u017cywcze<br>stosowane w ramach \u017cywienia zbiorowego dzieci i m\u0142odzie\u017cy w tych jednostkach (Dz.U. 2015 poz. 1256) W sprzeda\u017cy od Maja 2014. Produkt na zam\u00f3wienie.<\/p>\n<\/div><\/div>\n<\/div><\/div>\n<\/div><\/div>\n\n\n\n<div class=\"wp-block-cover\" style=\"min-height:462px;aspect-ratio:unset;\"><span aria-hidden=\"true\" class=\"wp-block-cover__background has-nv-site-bg-background-color has-background-dim-100 has-background-dim\"><\/span><div class=\"wp-block-cover__inner-container is-layout-flow wp-block-cover-is-layout-flow\">\n<p class=\"has-text-align-center has-large-font-size\"><\/p>\n\n\n\n<div class=\"wp-block-media-text alignwide has-media-on-the-right is-stacked-on-mobile\" style=\"grid-template-columns:auto 38%\"><div class=\"wp-block-media-text__content\">\n<p class=\"has-nv-dark-bg-color has-text-color\">Produkt Niedost\u0119pny. Produkt na zam\u00f3wienie. <\/p>\n\n\n\n<p class=\"has-nv-dark-bg-color has-text-color\">Displey MIX<br>PLECIONKA 70 g 8 szt<br>RURECZKA 50 g 5 szt<br>Sk\u0142adniki: grys kukurydziany 100%<br>Euro Paleta: 64 display do 1,85m<\/p>\n<\/div><figure class=\"wp-block-media-text__media\"><img loading=\"lazy\" decoding=\"async\" width=\"550\" height=\"395\" src=\"http:\/\/www.boramex.pl\/wp-content\/uploads\/2022\/09\/mix-display-Plecionka-Rurka-Aldi-1.jpg\" alt=\"\" class=\"wp-image-523 size-full\" srcset=\"https:\/\/www.boramex.pl\/wp-content\/uploads\/2022\/09\/mix-display-Plecionka-Rurka-Aldi-1.jpg 550w, https:\/\/www.boramex.pl\/wp-content\/uploads\/2022\/09\/mix-display-Plecionka-Rurka-Aldi-1-300x215.jpg 300w\" sizes=\"(max-width: 550px) 100vw, 550px\" \/><\/figure><\/div>\n<\/div><\/div>\n\n\n\n<div class=\"wp-block-cover alignfull\" style=\"min-height:600px;aspect-ratio:unset;\"><span aria-hidden=\"true\" class=\"wp-block-cover__background has-nv-light-bg-background-color has-background-dim-100 has-background-dim\"><\/span><div class=\"wp-block-cover__inner-container is-layout-flow wp-block-cover-is-layout-flow\">\n<div class=\"wp-block-group\"><div class=\"wp-block-group__inner-container is-layout-flow wp-block-group-is-layout-flow\">\n<div class=\"wp-block-media-text alignwide is-stacked-on-mobile\" style=\"grid-template-columns:33% auto\"><figure class=\"wp-block-media-text__media\"><img loading=\"lazy\" decoding=\"async\" width=\"1024\" height=\"884\" src=\"http:\/\/www.boramex.pl\/wp-content\/uploads\/2022\/10\/Boramex-longer-03-20141126-152223146-1024x884.jpg\" alt=\"\" class=\"wp-image-605 size-thumbnail\" srcset=\"https:\/\/www.boramex.pl\/wp-content\/uploads\/2022\/10\/Boramex-longer-03-20141126-152223146-1024x884.jpg 1024w, https:\/\/www.boramex.pl\/wp-content\/uploads\/2022\/10\/Boramex-longer-03-20141126-152223146-300x259.jpg 300w, https:\/\/www.boramex.pl\/wp-content\/uploads\/2022\/10\/Boramex-longer-03-20141126-152223146-768x663.jpg 768w, https:\/\/www.boramex.pl\/wp-content\/uploads\/2022\/10\/Boramex-longer-03-20141126-152223146.jpg 1200w\" sizes=\"(max-width: 1024px) 100vw, 1024px\" \/><\/figure><div class=\"wp-block-media-text__content\">\n<p class=\"has-nv-dark-bg-color has-text-color\">Produkt Niedost\u0119pny. Produkt na zam\u00f3wienie.<\/p>\n\n\n\n<p class=\"has-nv-dark-bg-color has-text-color\">Plecionka Max Longer 70 g \u2013 aktualnie brak opakowa\u0144 JEDNOSTKOWYCH.<\/p>\n\n\n\n<p class=\"has-nv-dark-bg-color has-text-color\">Opakowanie zbiorcze folia 15 szt,<br>Produkt pod SPECJALNE zam\u00f3wienie.<br>Sk\u0142adniki: grys kukurydziany 100%<br>Termin przydatno\u015bci do spo\u017cycia: 12 miesi\u0119cy.<\/p>\n\n\n\n<p class=\"has-nv-dark-bg-color has-text-color\">INFORMACJA: produkt nale\u017cy do grupy \u015brodk\u00f3w spo\u017cywczych przeznaczonych<br>do sprzeda\u017cy dzieciom i m\u0142odzie\u017cy w jednostkach systemu o\u015bwiaty okre\u015blonych w<br>za\u0142\u0105czniku nr 1 do Rozporz\u0105dzenia Ministra Zdrowia z dnia 26 sierpnia 2015 r.<br>w sprawie grup \u015brodk\u00f3w spo\u017cywczych przeznaczonych do sprzeda\u017cy dzieciom i m\u0142odzie\u017cy<br>w jednostkach systemu o\u015bwiaty oraz wymaga\u0144, jakie musz\u0105 spe\u0142nia\u0107 \u015brodki spo\u017cywcze<br>stosowane w ramach \u017cywienia zbiorowego dzieci i m\u0142odzie\u017cy w tych jednostkach (Dz.U. 2015 poz. 1256) W sprzeda\u017cy od Maja 2014.<\/p>\n<\/div><\/div>\n<\/div><\/div>\n<\/div><\/div>\n\n\n\n<div class=\"wp-block-cover\" style=\"min-height:462px;aspect-ratio:unset;\"><span aria-hidden=\"true\" class=\"wp-block-cover__background has-nv-site-bg-background-color has-background-dim-100 has-background-dim\"><\/span><div class=\"wp-block-cover__inner-container is-layout-flow wp-block-cover-is-layout-flow\">\n<p class=\"has-text-align-center has-large-font-size\"><\/p>\n\n\n\n<div class=\"wp-block-media-text alignwide has-media-on-the-right is-stacked-on-mobile\" style=\"grid-template-columns:auto 38%\"><div class=\"wp-block-media-text__content\">\n<p class=\"has-nv-dark-bg-color has-text-color\">Kaszka Kukurydziana B\u0142yskawiczna 200 g<br>Bez gotowania do bezpo\u015bredniego spo\u017cycia oraz do zag\u0119szczania zup sos\u00f3w, <br>do mleka itp.<br>Sk\u0142adniki: 100% Grys kukurydziany<br>kod kreskowy 5903979000086<\/p>\n\n\n\n<p class=\"has-nv-dark-bg-color has-text-color\">Produkt przeznaczony do bezpo\u015bredniego spo\u017cycia.<br>NIE GOTOWA\u0106, 4 \u0142y\u017cki sto\u0142owe zala\u0107 szklank\u0105<br>ciep\u0142ego mleka, przyprawi\u0107 do smaku sol\u0105,<br>lub na s\u0142odko sokiem owocowym, konfiturami itp.<br>Mo\u017cna stosowa\u0107 do zag\u0119szczania zup, sos\u00f3w, deser\u00f3w.<\/p>\n\n\n\n<p class=\"has-nv-dark-bg-color has-text-color\">Opakowanie zbiorcze folia 10 szt<br>EPAL 50 work\u00f3w<br>Sk\u0142adniki: grys kukurydziany 100%<br>Termin przydatno\u015bci do spo\u017cycia: 9 miesi\u0119cy.<\/p>\n\n\n\n<p class=\"has-nv-dark-bg-color has-text-color\">Towar Dost\u0119pny na specjalne zam\u00f3wienie. temat Kaszka : 506019076<br>Mo\u017cliwa realizacja zam\u00f3wie\u0144 indywidualnych.<br>Paczka wysy\u0142ana w ci\u0105gu 7 dni roboczych.<\/p>\n<\/div><figure class=\"wp-block-media-text__media\"><img loading=\"lazy\" decoding=\"async\" width=\"371\" height=\"470\" src=\"http:\/\/www.boramex.pl\/wp-content\/uploads\/2022\/09\/kaszka_0.jpg\" alt=\"\" class=\"wp-image-520 size-full\" srcset=\"https:\/\/www.boramex.pl\/wp-content\/uploads\/2022\/09\/kaszka_0.jpg 371w, https:\/\/www.boramex.pl\/wp-content\/uploads\/2022\/09\/kaszka_0-237x300.jpg 237w\" sizes=\"(max-width: 371px) 100vw, 371px\" \/><\/figure><\/div>\n<\/div><\/div>\n\n\n\n<div class=\"wp-block-cover alignfull\" style=\"min-height:600px;aspect-ratio:unset;\"><span aria-hidden=\"true\" class=\"wp-block-cover__background has-nv-light-bg-background-color has-background-dim-100 has-background-dim\"><\/span><div class=\"wp-block-cover__inner-container is-layout-flow wp-block-cover-is-layout-flow\">\n<div class=\"wp-block-group\"><div class=\"wp-block-group__inner-container is-layout-flow wp-block-group-is-layout-flow\">\n<div class=\"wp-block-media-text alignwide is-stacked-on-mobile\" style=\"grid-template-columns:15% auto\"><figure class=\"wp-block-media-text__media\"><img loading=\"lazy\" decoding=\"async\" width=\"184\" height=\"550\" src=\"http:\/\/www.boramex.pl\/wp-content\/uploads\/2022\/09\/Plecionka-Max-Longer-150g-front.png\" alt=\"\" class=\"wp-image-517 size-thumbnail\" srcset=\"https:\/\/www.boramex.pl\/wp-content\/uploads\/2022\/09\/Plecionka-Max-Longer-150g-front.png 184w, https:\/\/www.boramex.pl\/wp-content\/uploads\/2022\/09\/Plecionka-Max-Longer-150g-front-100x300.png 100w\" sizes=\"(max-width: 184px) 100vw, 184px\" \/><\/figure><div class=\"wp-block-media-text__content\">\n<p class=\"has-nv-dark-bg-color has-text-color\">Plecionka Max-Longer 150 g \u2013<br>Nowe opakowanie Stycze\u0144 2016 roku.<\/p>\n\n\n\n<p class=\"has-nv-dark-bg-color has-text-color\">Opakowanie zbiorcze folia 12 szt,<br>Euro Paleta: 48 work\u00f3w,<br>Sk\u0142adniki: grys kukurydziany 100%<br>Termin przydatno\u015bci do spo\u017cycia: 12 miesi\u0119cy.<\/p>\n\n\n\n<p class=\"has-nv-dark-bg-color has-text-color\">INFORMACJA: produkt nale\u017cy do grupy \u015brodk\u00f3w spo\u017cywczych przeznaczonych<br>do sprzeda\u017cy dzieciom i m\u0142odzie\u017cy w jednostkach systemu o\u015bwiaty okre\u015blonych w<br>za\u0142\u0105czniku nr 1 do Rozporz\u0105dzenia Ministra Zdrowia z dnia 26 sierpnia 2015 r.<br>w sprawie grup \u015brodk\u00f3w spo\u017cywczych przeznaczonych do sprzeda\u017cy dzieciom i m\u0142odzie\u017cy<br>w jednostkach systemu o\u015bwiaty oraz wymaga\u0144, jakie musz\u0105 spe\u0142nia\u0107 \u015brodki spo\u017cywcze<br>stosowane w ramach \u017cywienia zbiorowego dzieci i m\u0142odzie\u017cy w tych jednostkach (Dz.U. 2015 poz. 1256)<br>W sprzeda\u017cy od Maja 2014. Produkt na zam\u00f3wienie.<\/p>\n<\/div><\/div>\n<\/div><\/div>\n<\/div><\/div>\n\n\n\n<div class=\"wp-block-cover\" style=\"min-height:462px;aspect-ratio:unset;\"><span aria-hidden=\"true\" class=\"wp-block-cover__background has-nv-site-bg-background-color has-background-dim-100 has-background-dim\"><\/span><div class=\"wp-block-cover__inner-container is-layout-flow wp-block-cover-is-layout-flow\">\n<p class=\"has-text-align-center has-large-font-size\"><\/p>\n\n\n\n<div class=\"wp-block-media-text alignwide has-media-on-the-right is-stacked-on-mobile\" style=\"grid-template-columns:auto 38%\"><div class=\"wp-block-media-text__content\">\n<p class=\"has-nv-dark-bg-color has-text-color\">Jeste\u015bmy w Stanie Zrealizowa\u0107 Dla Ciebie Pod Twoj\u0105 Mark\u0105 Nasze Produkty<\/p>\n<\/div><figure class=\"wp-block-media-text__media\"><img loading=\"lazy\" decoding=\"async\" width=\"1024\" height=\"884\" src=\"http:\/\/www.boramex.pl\/wp-content\/uploads\/2022\/10\/Boramex-snacki70g-03-20141126-120137948-1024x884.jpg\" alt=\"\" class=\"wp-image-616 size-full\" srcset=\"https:\/\/www.boramex.pl\/wp-content\/uploads\/2022\/10\/Boramex-snacki70g-03-20141126-120137948-1024x884.jpg 1024w, https:\/\/www.boramex.pl\/wp-content\/uploads\/2022\/10\/Boramex-snacki70g-03-20141126-120137948-300x259.jpg 300w, https:\/\/www.boramex.pl\/wp-content\/uploads\/2022\/10\/Boramex-snacki70g-03-20141126-120137948-768x663.jpg 768w, https:\/\/www.boramex.pl\/wp-content\/uploads\/2022\/10\/Boramex-snacki70g-03-20141126-120137948.jpg 1200w\" sizes=\"(max-width: 1024px) 100vw, 1024px\" \/><\/figure><\/div>\n<\/div><\/div>\n\n\n\n<div class=\"wp-block-cover alignfull\" style=\"min-height:600px;aspect-ratio:unset;\"><span aria-hidden=\"true\" class=\"wp-block-cover__background has-nv-light-bg-background-color has-background-dim-100 has-background-dim\"><\/span><div class=\"wp-block-cover__inner-container is-layout-flow wp-block-cover-is-layout-flow\">\n<div class=\"wp-block-group\"><div class=\"wp-block-group__inner-container is-layout-flow wp-block-group-is-layout-flow\">\n<div class=\"wp-block-media-text alignwide is-stacked-on-mobile\" style=\"grid-template-columns:34% auto\"><figure class=\"wp-block-media-text__media\"><img loading=\"lazy\" decoding=\"async\" width=\"644\" height=\"659\" src=\"http:\/\/www.boramex.pl\/wp-content\/uploads\/2022\/10\/stojak-3.png\" alt=\"\" class=\"wp-image-586 size-thumbnail\" srcset=\"https:\/\/www.boramex.pl\/wp-content\/uploads\/2022\/10\/stojak-3.png 644w, https:\/\/www.boramex.pl\/wp-content\/uploads\/2022\/10\/stojak-3-293x300.png 293w\" sizes=\"(max-width: 644px) 100vw, 644px\" \/><\/figure><div class=\"wp-block-media-text__content\">\n<p class=\"has-nv-dark-bg-color has-text-color\">Stojak na Chrupki Boramex<br>Indywidualne zam\u00f3wienie<\/p>\n<\/div><\/div>\n<\/div><\/div>\n<\/div><\/div>\n","protected":false},"excerpt":{"rendered":"","protected":false},"author":1,"featured_media":0,"parent":0,"menu_order":0,"comment_status":"closed","ping_status":"closed","template":"","meta":{"neve_meta_sidebar":"full-width","neve_meta_container":"","neve_meta_enable_content_width":"on","neve_meta_content_width":100,"neve_meta_title_alignment":"","neve_meta_author_avatar":"","neve_post_elements_order":"","neve_meta_disable_header":"","neve_meta_disable_footer":"","neve_meta_disable_title":"on","_ti_tpc_template_sync":false,"_ti_tpc_template_id":"t3x60x1arljpehhy6mr6","footnotes":""},"class_list":["post-69","page","type-page","status-publish","hentry"],"_links":{"self":[{"href":"https:\/\/www.boramex.pl\/index.php?rest_route=\/wp\/v2\/pages\/69"}],"collection":[{"href":"https:\/\/www.boramex.pl\/index.php?rest_route=\/wp\/v2\/pages"}],"about":[{"href":"https:\/\/www.boramex.pl\/index.php?rest_route=\/wp\/v2\/types\/page"}],"author":[{"embeddable":true,"href":"https:\/\/www.boramex.pl\/index.php?rest_route=\/wp\/v2\/users\/1"}],"replies":[{"embeddable":true,"href":"https:\/\/www.boramex.pl\/index.php?rest_route=%2Fwp%2Fv2%2Fcomments&post=69"}],"version-history":[{"count":41,"href":"https:\/\/www.boramex.pl\/index.php?rest_route=\/wp\/v2\/pages\/69\/revisions"}],"predecessor-version":[{"id":993,"href":"https:\/\/www.boramex.pl\/index.php?rest_route=\/wp\/v2\/pages\/69\/revisions\/993"}],"wp:attachment":[{"href":"https:\/\/www.boramex.pl\/index.php?rest_route=%2Fwp%2Fv2%2Fmedia&parent=69"}],"curies":[{"name":"wp","href":"https:\/\/api.w.org\/{rel}","templated":true}]}}